{"id":518,"date":"2023-04-27T17:27:01","date_gmt":"2023-04-27T17:27:01","guid":{"rendered":"https:\/\/markisemallorca.com\/?post_type=product&#038;p=518"},"modified":"2023-10-10T16:30:26","modified_gmt":"2023-10-10T16:30:26","slug":"markilux-pergola-compact","status":"publish","type":"product","link":"https:\/\/markisemallorca.com\/es\/toldos\/markilux-pergola-compact\/","title":{"rendered":"Pergola Markilux Compact"},"content":{"rendered":"\t\t<div data-elementor-type=\"product-post\" data-elementor-id=\"518\" class=\"elementor elementor-518\" data-elementor-settings=\"{&quot;ha_cmc_init_switcher&quot;:&quot;no&quot;}\" data-elementor-post-type=\"product\">\n\t\t\t\t<div class=\"elementor-element elementor-element-f4710cc e-flex e-con-boxed e-con e-parent\" data-id=\"f4710cc\" data-element_type=\"container\" data-e-type=\"container\" data-settings=\"{&quot;jet_parallax_layout_list&quot;:[],&quot;_ha_eqh_enable&quot;:false}\">\n\t\t\t\t\t<div class=\"e-con-inner\">\n\t\t<div class=\"elementor-element elementor-element-c6b4988 e-flex e-con-boxed e-con e-child\" data-id=\"c6b4988\" data-element_type=\"container\" data-e-type=\"container\" data-settings=\"{&quot;jet_parallax_layout_list&quot;:[],&quot;_ha_eqh_enable&quot;:false}\">\n\t\t\t\t\t<div class=\"e-con-inner\">\n\t\t<div class=\"elementor-element elementor-element-4db3d6f e-flex e-con-boxed e-con e-child\" data-id=\"4db3d6f\" data-element_type=\"container\" data-e-type=\"container\" data-settings=\"{&quot;jet_parallax_layout_list&quot;:[],&quot;_ha_eqh_enable&quot;:false}\">\n\t\t\t\t\t<div class=\"e-con-inner\">\n\t\t\t\t<div class=\"elementor-element elementor-element-aa768a4 elementor-widget elementor-widget-image\" data-id=\"aa768a4\" data-element_type=\"widget\" data-e-type=\"widget\" data-widget_type=\"image.default\">\n\t\t\t\t<div class=\"elementor-widget-container\">\n\t\t\t\t\t\t\t\t\t\t\t\t\t\t\t<img decoding=\"async\" width=\"200\" height=\"60\" src=\"https:\/\/markisemallorca.com\/wp-content\/uploads\/2023\/04\/markise-mallorca-bolas-1.png\" class=\"attachment-large size-large wp-image-297\" alt=\"\" \/>\t\t\t\t\t\t\t\t\t\t\t\t\t\t\t<\/div>\n\t\t\t\t<\/div>\n\t\t\t\t<div class=\"elementor-element elementor-element-5c55797 elementor-widget elementor-widget-heading\" data-id=\"5c55797\" data-element_type=\"widget\" data-e-type=\"widget\" data-widget_type=\"heading.default\">\n\t\t\t\t<div class=\"elementor-widget-container\">\n\t\t\t\t\t<h2 class=\"elementor-heading-title elementor-size-default\">MARKILUX P\u00c9RGOLA COMPACT - PREMIO AL MEJOR DISE\u00d1O\n<\/h2>\t\t\t\t<\/div>\n\t\t\t\t<\/div>\n\t\t\t\t\t<\/div>\n\t\t\t\t<\/div>\n\t\t\t\t<div class=\"elementor-element elementor-element-cd6b7c7 elementor-widget elementor-widget-text-editor\" data-id=\"cd6b7c7\" data-element_type=\"widget\" data-e-type=\"widget\" data-widget_type=\"text-editor.default\">\n\t\t\t\t<div class=\"elementor-widget-container\">\n\t\t\t\t\t\t\t\t\t<p><span style=\"font-weight: 400;\">El modelo <\/span><b>Markilux P\u00e9rgola Compact<\/b><span style=\"font-weight: 400;\"> es la soluci\u00f3n ideal para balcones y peque\u00f1as terrazas de \u00e1ticos o pisos de lujo en Mallorca. Su dise\u00f1o moderno y l\u00edneas cuadradas la hacen perfecta para integrarse en la arquitectura de cualquier tipo de vivienda, incluso con espacios reducidos. Con un <\/span><b>cofre compacto de tan solo 12,5 cent\u00edmetros por 12,5 cent\u00edmetros<\/b><span style=\"font-weight: 400;\">, es reconocida por su calidad, dise\u00f1o y reducidas dimensiones de cofre, siendo elegida por los mejores arquitectos de Mallorca.<\/span><\/p><p><span style=\"font-weight: 400;\">Galardonada con el prestigioso Red Dot Design Award 2017, la p\u00e9rgola Compact de Markilux ofrece la posibilidad de <\/span><b>sombrear peque\u00f1os espacios<\/b><span style=\"font-weight: 400;\"> con dimensiones de hasta 4,5 metros de ancho por 4 metros de salida. Su sistema de caj\u00f3n con gu\u00edas zip con cremallera y pilares frontales aportan una <\/span><b>estabilidad \u00fanica y resistencia al viento<\/b><span style=\"font-weight: 400;\"> sin precedentes, protegi\u00e9ndote del calor propio de la isla de Mallorca.<\/span><\/p>\t\t\t\t\t\t\t\t<\/div>\n\t\t\t\t<\/div>\n\t\t\t\t\t<\/div>\n\t\t\t\t<\/div>\n\t\t\t\t\t<\/div>\n\t\t\t\t<\/div>\n\t\t<div class=\"elementor-element elementor-element-b897fed e-flex e-con-boxed e-con e-parent\" data-id=\"b897fed\" data-element_type=\"container\" data-e-type=\"container\" data-settings=\"{&quot;jet_parallax_layout_list&quot;:[],&quot;_ha_eqh_enable&quot;:false}\">\n\t\t\t\t\t<div class=\"e-con-inner\">\n\t\t<div class=\"elementor-element elementor-element-7adabdb e-flex e-con-boxed e-con e-child\" data-id=\"7adabdb\" data-element_type=\"container\" data-e-type=\"container\" data-settings=\"{&quot;jet_parallax_layout_list&quot;:[],&quot;_ha_eqh_enable&quot;:false}\">\n\t\t\t\t\t<div class=\"e-con-inner\">\n\t\t<div class=\"elementor-element elementor-element-525a9b2 e-flex e-con-boxed e-con e-child\" data-id=\"525a9b2\" data-element_type=\"container\" data-e-type=\"container\" data-settings=\"{&quot;jet_parallax_layout_list&quot;:[],&quot;background_background&quot;:&quot;classic&quot;,&quot;_ha_eqh_enable&quot;:false}\">\n\t\t\t\t\t<div class=\"e-con-inner\">\n\t\t\t\t<div class=\"elementor-element elementor-element-4a0ed0c elementor-widget elementor-widget-shortcode\" data-id=\"4a0ed0c\" data-element_type=\"widget\" data-e-type=\"widget\" data-widget_type=\"shortcode.default\">\n\t\t\t\t<div class=\"elementor-widget-container\">\n\t\t\t\t\t\t\t<div class=\"elementor-shortcode\">\t\t<div data-elementor-type=\"container\" data-elementor-id=\"1185\" class=\"elementor elementor-1185\" data-elementor-settings=\"{&quot;ha_cmc_init_switcher&quot;:&quot;no&quot;}\" data-elementor-post-type=\"elementor_library\">\n\t\t\t\t<div class=\"elementor-element elementor-element-aeab271 e-flex e-con-boxed e-con e-parent\" data-id=\"aeab271\" data-element_type=\"container\" data-e-type=\"container\" data-settings=\"{&quot;jet_parallax_layout_list&quot;:[],&quot;background_background&quot;:&quot;classic&quot;,&quot;_ha_eqh_enable&quot;:false}\">\n\t\t\t\t\t<div class=\"e-con-inner\">\n\t\t\t\t<div class=\"elementor-element elementor-element-727d647 elementor-widget elementor-widget-heading\" data-id=\"727d647\" data-element_type=\"widget\" data-e-type=\"widget\" data-widget_type=\"heading.default\">\n\t\t\t\t<div class=\"elementor-widget-container\">\n\t\t\t\t\t<h3 class=\"elementor-heading-title elementor-size-default\">\u00bfQUIERES UN PRESUPUESTO?<\/h3>\t\t\t\t<\/div>\n\t\t\t\t<\/div>\n\t\t\t\t<div class=\"elementor-element elementor-element-4175f33 elementor-widget elementor-widget-heading\" data-id=\"4175f33\" data-element_type=\"widget\" data-e-type=\"widget\" data-widget_type=\"heading.default\">\n\t\t\t\t<div class=\"elementor-widget-container\">\n\t\t\t\t\t<h3 class=\"elementor-heading-title elementor-size-default\">Cu\u00e9ntanos qu\u00e9 necesitas y te haremos un propuesta <\/h3>\t\t\t\t<\/div>\n\t\t\t\t<\/div>\n\t\t\t\t<div class=\"elementor-element elementor-element-088d227 elementor-align-center elementor-widget elementor-widget-button\" data-id=\"088d227\" data-element_type=\"widget\" data-e-type=\"widget\" data-widget_type=\"button.default\">\n\t\t\t\t<div class=\"elementor-widget-container\">\n\t\t\t\t\t\t\t\t\t<div class=\"elementor-button-wrapper\">\n\t\t\t\t\t<a class=\"elementor-button elementor-button-link elementor-size-sm\" href=\"https:\/\/markisemallorca.com\/es\/contacto\/\">\n\t\t\t\t\t\t<span class=\"elementor-button-content-wrapper\">\n\t\t\t\t\t\t\t\t\t<span class=\"elementor-button-text\">Solicita PRESUPUESTO gratuitO<\/span>\n\t\t\t\t\t<\/span>\n\t\t\t\t\t<\/a>\n\t\t\t\t<\/div>\n\t\t\t\t\t\t\t\t<\/div>\n\t\t\t\t<\/div>\n\t\t\t\t\t<\/div>\n\t\t\t\t<\/div>\n\t\t\t\t<\/div>\n\t\t<\/div>\n\t\t\t\t\t\t<\/div>\n\t\t\t\t<\/div>\n\t\t\t\t\t<\/div>\n\t\t\t\t<\/div>\n\t\t\t\t\t<\/div>\n\t\t\t\t<\/div>\n\t\t\t\t\t<\/div>\n\t\t\t\t<\/div>\n\t\t<div class=\"elementor-element elementor-element-b751da1 e-flex e-con-boxed e-con e-parent\" data-id=\"b751da1\" data-element_type=\"container\" data-e-type=\"container\" data-settings=\"{&quot;jet_parallax_layout_list&quot;:[],&quot;_ha_eqh_enable&quot;:false}\">\n\t\t\t\t\t<div class=\"e-con-inner\">\n\t\t<div class=\"elementor-element elementor-element-f90f4f7 e-flex e-con-boxed e-con e-child\" data-id=\"f90f4f7\" data-element_type=\"container\" data-e-type=\"container\" data-settings=\"{&quot;jet_parallax_layout_list&quot;:[],&quot;_ha_eqh_enable&quot;:false}\">\n\t\t\t\t\t<div class=\"e-con-inner\">\n\t\t<div class=\"elementor-element elementor-element-e127e75 e-flex e-con-boxed e-con e-child\" data-id=\"e127e75\" data-element_type=\"container\" data-e-type=\"container\" data-settings=\"{&quot;jet_parallax_layout_list&quot;:[],&quot;_ha_eqh_enable&quot;:false}\">\n\t\t\t\t\t<div class=\"e-con-inner\">\n\t\t\t\t<div class=\"elementor-element elementor-element-ad5ec96 elementor-widget elementor-widget-image\" data-id=\"ad5ec96\" data-element_type=\"widget\" data-e-type=\"widget\" data-widget_type=\"image.default\">\n\t\t\t\t<div class=\"elementor-widget-container\">\n\t\t\t\t\t\t\t\t\t\t\t\t\t\t\t<img decoding=\"async\" width=\"200\" height=\"60\" src=\"https:\/\/markisemallorca.com\/wp-content\/uploads\/2023\/04\/markise-mallorca-bolas-1.png\" class=\"attachment-large size-large wp-image-297\" alt=\"\" \/>\t\t\t\t\t\t\t\t\t\t\t\t\t\t\t<\/div>\n\t\t\t\t<\/div>\n\t\t\t\t<div class=\"elementor-element elementor-element-97dee1b elementor-widget elementor-widget-heading\" data-id=\"97dee1b\" data-element_type=\"widget\" data-e-type=\"widget\" data-widget_type=\"heading.default\">\n\t\t\t\t<div class=\"elementor-widget-container\">\n\t\t\t\t\t<h2 class=\"elementor-heading-title elementor-size-default\">Principales caracter\u00edsticas de los toldos p\u00e9rgola Compact de Markilux:<\/h2>\t\t\t\t<\/div>\n\t\t\t\t<\/div>\n\t\t\t\t<div class=\"elementor-element elementor-element-8fff036 elementor-widget elementor-widget-text-editor\" data-id=\"8fff036\" data-element_type=\"widget\" data-e-type=\"widget\" data-widget_type=\"text-editor.default\">\n\t\t\t\t<div class=\"elementor-widget-container\">\n\t\t\t\t\t\t\t\t\t<ul><li style=\"font-weight: 400;\" aria-level=\"1\"><span style=\"font-weight: 400;\">Perfecta protecci\u00f3n visual y frente al calor y viento.<\/span><\/li><li style=\"font-weight: 400;\" aria-level=\"1\"><span style=\"font-weight: 400;\">Cofre cuadrado compacto de medidas 12,5 x 12,5 cent\u00edmetros.<\/span><\/li><li style=\"font-weight: 400;\" aria-level=\"1\"><span style=\"font-weight: 400;\">Pilares cuadrados a juego con el caj\u00f3n o redondos.<\/span><\/li><li style=\"font-weight: 400;\" aria-level=\"1\"><span style=\"font-weight: 400;\">M\u00e1ximas medidas de hasta 4,5 x 4 metros.\u00a0<\/span><\/li><li style=\"font-weight: 400;\" aria-level=\"1\"><span style=\"font-weight: 400;\">Cofre, pilares y gu\u00edas de aluminio de alta calidad, muy resistente y elegante.<\/span><\/li><li style=\"font-weight: 400;\" aria-level=\"1\"><span style=\"font-weight: 400;\">Montaje a pared o techo.<\/span><\/li><li style=\"font-weight: 400;\" aria-level=\"1\"><span style=\"font-weight: 400;\">Toldo vertical s\u00faper sombra opcional, para integrarlo en el perfil frontal.<\/span><\/li><li style=\"font-weight: 400;\" aria-level=\"1\"><span style=\"font-weight: 400;\">Iluminaci\u00f3n integrada mediante focos orientables y\/o tira led.<\/span><\/li><li style=\"font-weight: 400;\" aria-level=\"1\"><span style=\"font-weight: 400;\">Columnas telesc\u00f3picas regulables en altura.<\/span><\/li><li style=\"font-weight: 400;\" aria-level=\"1\"><span style=\"font-weight: 400;\">Cajones con contrapeso para no fijar los pilares al suelo.<\/span><\/li><li style=\"font-weight: 400;\" aria-level=\"1\"><span style=\"font-weight: 400;\">Sensor de viento para una protecci\u00f3n total frente a las fuertes rachas de viento.<\/span><\/li><li style=\"font-weight: 400;\" aria-level=\"1\"><span style=\"font-weight: 400;\">Toldo p\u00e9rgola integrable con la dom\u00f3tica mediante KNX, Loxone y otros sistemas.<\/span><\/li><li style=\"font-weight: 400;\" aria-level=\"1\"><span style=\"font-weight: 400;\">M\u00e1xima resistencia al viento hasta 48 km\/h.<\/span><\/li><li style=\"font-weight: 400;\" aria-level=\"1\"><span style=\"font-weight: 400;\">Amplia gama de colores de herrajes y tejidos.<\/span><\/li><li style=\"font-weight: 400;\" aria-level=\"1\"><span style=\"font-weight: 400;\">Sistema de calefacci\u00f3n por infrarrojos.<\/span><\/li><\/ul>\t\t\t\t\t\t\t\t<\/div>\n\t\t\t\t<\/div>\n\t\t\t\t\t<\/div>\n\t\t\t\t<\/div>\n\t\t\t\t\t<\/div>\n\t\t\t\t<\/div>\n\t\t\t\t\t<\/div>\n\t\t\t\t<\/div>\n\t\t<div class=\"elementor-element elementor-element-f4195dd e-flex e-con-boxed e-con e-parent\" data-id=\"f4195dd\" data-element_type=\"container\" data-e-type=\"container\" data-settings=\"{&quot;jet_parallax_layout_list&quot;:[],&quot;_ha_eqh_enable&quot;:false}\">\n\t\t\t\t\t<div class=\"e-con-inner\">\n\t\t\t\t<div class=\"elementor-element elementor-element-c9bb601 elementor-widget elementor-widget-image\" data-id=\"c9bb601\" data-element_type=\"widget\" data-e-type=\"widget\" data-widget_type=\"image.default\">\n\t\t\t\t<div class=\"elementor-widget-container\">\n\t\t\t\t\t\t\t\t\t\t\t\t\t\t\t<img decoding=\"async\" width=\"200\" height=\"60\" src=\"https:\/\/markisemallorca.com\/wp-content\/uploads\/2023\/04\/markise-mallorca-bolas-1.png\" class=\"attachment-large size-large wp-image-297\" alt=\"\" \/>\t\t\t\t\t\t\t\t\t\t\t\t\t\t\t<\/div>\n\t\t\t\t<\/div>\n\t\t\t\t<div class=\"elementor-element elementor-element-8ca9236 elementor-widget elementor-widget-heading\" data-id=\"8ca9236\" data-element_type=\"widget\" data-e-type=\"widget\" data-widget_type=\"heading.default\">\n\t\t\t\t<div class=\"elementor-widget-container\">\n\t\t\t\t\t<h3 class=\"elementor-heading-title elementor-size-default\">FOTOS Pergola Markilux Compact<\/h3>\t\t\t\t<\/div>\n\t\t\t\t<\/div>\n\t\t\t\t<div class=\"elementor-element elementor-element-150eba2 ha-image-grid--fitRows elementor-widget elementor-widget-ha-image-grid happy-addon ha-image-grid\" data-id=\"150eba2\" data-element_type=\"widget\" data-e-type=\"widget\" data-settings=\"{&quot;layout&quot;:&quot;fitRows&quot;,&quot;enable_popup&quot;:&quot;yes&quot;}\" data-widget_type=\"ha-image-grid.default\">\n\t\t\t\t<div class=\"elementor-widget-container\">\n\t\t\t\t\t\n\t\t<div class=\"ha-image-grid__wrap hajs-isotope ha-lightbox--has\">\n\t\t\t\t\t\t\t\n\t\t\t\t<a href=\"#\" data-mfp-src=\"https:\/\/markisemallorca.com\/wp-content\/uploads\/2023\/04\/Markilux-Pergola-Compact-fur-Balkon-auf-Mallorca-1024x576.jpg\" class=\"ha-image-grid__item ha-js-lightbox __fltr-1\">\n\t\t\t\t\t<img fetchpriority=\"high\" decoding=\"async\" width=\"400\" height=\"400\" src=\"https:\/\/markisemallorca.com\/wp-content\/uploads\/2023\/04\/Markilux-Pergola-Compact-fur-Balkon-auf-Mallorca-400x400.jpg\" class=\"elementor-animation-grow\" alt=\"\" srcset=\"https:\/\/markisemallorca.com\/wp-content\/uploads\/2023\/04\/Markilux-Pergola-Compact-fur-Balkon-auf-Mallorca-400x400.jpg 400w, https:\/\/markisemallorca.com\/wp-content\/uploads\/2023\/04\/Markilux-Pergola-Compact-fur-Balkon-auf-Mallorca-100x100.jpg 100w, https:\/\/markisemallorca.com\/wp-content\/uploads\/2023\/04\/Markilux-Pergola-Compact-fur-Balkon-auf-Mallorca-150x150.jpg 150w\" sizes=\"(max-width: 400px) 100vw, 400px\" \/>\t\t\t\t<\/a>\n\t\t\t\t\t\t\t\n\t\t\t\t<a href=\"#\" data-mfp-src=\"https:\/\/markisemallorca.com\/wp-content\/uploads\/2023\/04\/Pergola-Markilux-Compact-mallorca-1024x576.jpg\" class=\"ha-image-grid__item ha-js-lightbox __fltr-1\">\n\t\t\t\t\t<img decoding=\"async\" width=\"400\" height=\"400\" src=\"https:\/\/markisemallorca.com\/wp-content\/uploads\/2023\/04\/Pergola-Markilux-Compact-mallorca-400x400.jpg\" class=\"elementor-animation-grow\" alt=\"\" srcset=\"https:\/\/markisemallorca.com\/wp-content\/uploads\/2023\/04\/Pergola-Markilux-Compact-mallorca-400x400.jpg 400w, https:\/\/markisemallorca.com\/wp-content\/uploads\/2023\/04\/Pergola-Markilux-Compact-mallorca-100x100.jpg 100w, https:\/\/markisemallorca.com\/wp-content\/uploads\/2023\/04\/Pergola-Markilux-Compact-mallorca-150x150.jpg 150w\" sizes=\"(max-width: 400px) 100vw, 400px\" \/>\t\t\t\t<\/a>\n\t\t\t\t\t\t\t\n\t\t\t\t<a href=\"#\" data-mfp-src=\"https:\/\/markisemallorca.com\/wp-content\/uploads\/2023\/04\/Pergola-Markilux-Compact-Mallorca1-1-1024x576.jpg\" class=\"ha-image-grid__item ha-js-lightbox __fltr-1\">\n\t\t\t\t\t<img loading=\"lazy\" decoding=\"async\" width=\"400\" height=\"400\" src=\"https:\/\/markisemallorca.com\/wp-content\/uploads\/2023\/04\/Pergola-Markilux-Compact-Mallorca1-1-400x400.jpg\" class=\"elementor-animation-grow\" alt=\"\" srcset=\"https:\/\/markisemallorca.com\/wp-content\/uploads\/2023\/04\/Pergola-Markilux-Compact-Mallorca1-1-400x400.jpg 400w, https:\/\/markisemallorca.com\/wp-content\/uploads\/2023\/04\/Pergola-Markilux-Compact-Mallorca1-1-100x100.jpg 100w, https:\/\/markisemallorca.com\/wp-content\/uploads\/2023\/04\/Pergola-Markilux-Compact-Mallorca1-1-150x150.jpg 150w\" sizes=\"(max-width: 400px) 100vw, 400px\" \/>\t\t\t\t<\/a>\n\t\t\t\t\t<\/div>\n\n\t\t\t\t\t\t<\/div>\n\t\t\t\t<\/div>\n\t\t\t\t\t<\/div>\n\t\t\t\t<\/div>\n\t\t<div class=\"elementor-element elementor-element-43c954b e-flex e-con-boxed e-con e-parent\" data-id=\"43c954b\" data-element_type=\"container\" data-e-type=\"container\" data-settings=\"{&quot;jet_parallax_layout_list&quot;:[],&quot;_ha_eqh_enable&quot;:false}\">\n\t\t\t\t\t<div class=\"e-con-inner\">\n\t\t<div class=\"elementor-element elementor-element-b0038aa e-flex e-con-boxed e-con e-child\" data-id=\"b0038aa\" data-element_type=\"container\" data-e-type=\"container\" data-settings=\"{&quot;jet_parallax_layout_list&quot;:[],&quot;_ha_eqh_enable&quot;:false}\">\n\t\t\t\t\t<div class=\"e-con-inner\">\n\t\t\t\t<div class=\"elementor-element elementor-element-df55a65 elementor-widget elementor-widget-image\" data-id=\"df55a65\" data-element_type=\"widget\" data-e-type=\"widget\" data-widget_type=\"image.default\">\n\t\t\t\t<div class=\"elementor-widget-container\">\n\t\t\t\t\t\t\t\t\t\t\t\t\t\t\t<img decoding=\"async\" width=\"200\" height=\"60\" src=\"https:\/\/markisemallorca.com\/wp-content\/uploads\/2023\/04\/markise-mallorca-bolas-1.png\" class=\"attachment-large size-large wp-image-297\" alt=\"\" \/>\t\t\t\t\t\t\t\t\t\t\t\t\t\t\t<\/div>\n\t\t\t\t<\/div>\n\t\t\t\t<div class=\"elementor-element elementor-element-52da607 elementor-widget elementor-widget-heading\" data-id=\"52da607\" data-element_type=\"widget\" data-e-type=\"widget\" data-widget_type=\"heading.default\">\n\t\t\t\t<div class=\"elementor-widget-container\">\n\t\t\t\t\t<h3 class=\"elementor-heading-title elementor-size-default\">CONTROL DE LA SOMBRA\n\n<\/h3>\t\t\t\t<\/div>\n\t\t\t\t<\/div>\n\t\t\t\t<div class=\"elementor-element elementor-element-95d6ca3 elementor-widget elementor-widget-text-editor\" data-id=\"95d6ca3\" data-element_type=\"widget\" data-e-type=\"widget\" data-widget_type=\"text-editor.default\">\n\t\t\t\t<div class=\"elementor-widget-container\">\n\t\t\t\t\t\t\t\t\t<p><span style=\"font-weight: 400;\">El cofre cuadrado cerrado de la\u00a0<\/span><span style=\"color: var( --e-global-color-62096df ); text-align: var(--text-align);\">p\u00e9rgola Compact de Markilux\u00a0<\/span><span style=\"color: var( --e-global-color-62096df ); text-align: var(--text-align);\">permite extender el tejido de forma gradual seg\u00fan la necesidad de sombra que se necesite en funci\u00f3n de la hora del d\u00eda, y cuando est\u00e1 recogido el cielo queda a la vista gracias a las gu\u00edas laterales sin barras intermedias. Solo quedan visibles sus gu\u00edas laterales y sus pilares frontales, y el tejido queda perfectamente recogido en su cofre de aluminio de alta calidad, protegido de la intemperie, la lluvia y la suciedad, alargando su vida \u00fatil.<\/span><\/p>\t\t\t\t\t\t\t\t<\/div>\n\t\t\t\t<\/div>\n\t\t\t\t\t<\/div>\n\t\t\t\t<\/div>\n\t\t<div class=\"elementor-element elementor-element-6b419b5 e-flex e-con-boxed e-con e-child\" data-id=\"6b419b5\" data-element_type=\"container\" data-e-type=\"container\" data-settings=\"{&quot;jet_parallax_layout_list&quot;:[],&quot;_ha_eqh_enable&quot;:false}\">\n\t\t\t\t\t<div class=\"e-con-inner\">\n\t\t\t\t<div class=\"elementor-element elementor-element-42a1cb7 elementor-widget elementor-widget-image\" data-id=\"42a1cb7\" data-element_type=\"widget\" data-e-type=\"widget\" data-widget_type=\"image.default\">\n\t\t\t\t<div class=\"elementor-widget-container\">\n\t\t\t\t\t\t\t\t\t\t\t\t\t\t\t<img decoding=\"async\" width=\"200\" height=\"60\" src=\"https:\/\/markisemallorca.com\/wp-content\/uploads\/2023\/04\/markise-mallorca-bolas-1.png\" class=\"attachment-large size-large wp-image-297\" alt=\"\" \/>\t\t\t\t\t\t\t\t\t\t\t\t\t\t\t<\/div>\n\t\t\t\t<\/div>\n\t\t\t\t<div class=\"elementor-element elementor-element-09663a4 elementor-widget elementor-widget-heading\" data-id=\"09663a4\" data-element_type=\"widget\" data-e-type=\"widget\" data-widget_type=\"heading.default\">\n\t\t\t\t<div class=\"elementor-widget-container\">\n\t\t\t\t\t<h3 class=\"elementor-heading-title elementor-size-default\">M\u00c1XIMA PROTECCI\u00d3N\n<\/h3>\t\t\t\t<\/div>\n\t\t\t\t<\/div>\n\t\t\t\t<div class=\"elementor-element elementor-element-79dd7e6 elementor-widget elementor-widget-text-editor\" data-id=\"79dd7e6\" data-element_type=\"widget\" data-e-type=\"widget\" data-widget_type=\"text-editor.default\">\n\t\t\t\t<div class=\"elementor-widget-container\">\n\t\t\t\t\t\t\t\t\t<p><span style=\"font-weight: 400;\">Al igual que el resto de las p\u00e9rgolas Markilux, en la\u00a0<\/span><span style=\"color: var( --e-global-color-62096df ); text-align: var(--text-align);\">p\u00e9rgola Compact de Markilux\u00a0<\/span><span style=\"color: var( --e-global-color-62096df ); text-align: var(--text-align);\">el tejido es liso y uniforme, gracias a la tensi\u00f3n del sistema de gu\u00edas laterales con cremallera (zip) que adem\u00e1s de reforzar su gran resistencia al viento, garantizan que la lona siempre est\u00e9 bien tensada. Todo ello convierte a la p\u00e9rgola Compact de Markilux en una excelente protecci\u00f3n para grandes balcones y terrazas de \u00e1ticos.<\/span><\/p>\t\t\t\t\t\t\t\t<\/div>\n\t\t\t\t<\/div>\n\t\t\t\t\t<\/div>\n\t\t\t\t<\/div>\n\t\t\t\t\t<\/div>\n\t\t\t\t<\/div>\n\t\t<div class=\"elementor-element elementor-element-0c88f82 e-flex e-con-boxed e-con e-parent\" data-id=\"0c88f82\" data-element_type=\"container\" data-e-type=\"container\" data-settings=\"{&quot;jet_parallax_layout_list&quot;:[],&quot;_ha_eqh_enable&quot;:false}\">\n\t\t\t\t\t<div class=\"e-con-inner\">\n\t\t<div class=\"elementor-element elementor-element-b6a371a e-flex e-con-boxed e-con e-child\" data-id=\"b6a371a\" data-element_type=\"container\" data-e-type=\"container\" data-settings=\"{&quot;jet_parallax_layout_list&quot;:[],&quot;_ha_eqh_enable&quot;:false}\">\n\t\t\t\t\t<div class=\"e-con-inner\">\n\t\t\t\t<div class=\"elementor-element elementor-element-c4c010f elementor-widget elementor-widget-image\" data-id=\"c4c010f\" data-element_type=\"widget\" data-e-type=\"widget\" data-widget_type=\"image.default\">\n\t\t\t\t<div class=\"elementor-widget-container\">\n\t\t\t\t\t\t\t\t\t\t\t\t\t\t\t<img decoding=\"async\" width=\"200\" height=\"60\" src=\"https:\/\/markisemallorca.com\/wp-content\/uploads\/2023\/04\/markise-mallorca-bolas-1.png\" class=\"attachment-large size-large wp-image-297\" alt=\"\" \/>\t\t\t\t\t\t\t\t\t\t\t\t\t\t\t<\/div>\n\t\t\t\t<\/div>\n\t\t\t\t<div class=\"elementor-element elementor-element-07c41ce elementor-widget elementor-widget-heading\" data-id=\"07c41ce\" data-element_type=\"widget\" data-e-type=\"widget\" data-widget_type=\"heading.default\">\n\t\t\t\t<div class=\"elementor-widget-container\">\n\t\t\t\t\t<h3 class=\"elementor-heading-title elementor-size-default\">SENSOR DE VIENTO\n\n<\/h3>\t\t\t\t<\/div>\n\t\t\t\t<\/div>\n\t\t\t\t<div class=\"elementor-element elementor-element-13348ba elementor-widget elementor-widget-text-editor\" data-id=\"13348ba\" data-element_type=\"widget\" data-e-type=\"widget\" data-widget_type=\"text-editor.default\">\n\t\t\t\t<div class=\"elementor-widget-container\">\n\t\t\t\t\t\t\t\t\t<p><span style=\"font-weight: 400;\">Con una salida m\u00e1xima de 4 metros y una anchura de 4,5 metros, la\u00a0<\/span>p\u00e9rgola Compact de Markilux<span style=\"font-weight: 400;\">\u00a0tiene una gran resistencia al viento, llegando a una intensidad de viento 6 (clase 3 de resistencia al viento) que garantiza hasta 48 km\/h. Adem\u00e1s, est\u00e1 equipada con un sensor de viento que la recoge y protege de forma autom\u00e1tica para garantizar su seguridad frente a grandes rachas de viento.<\/span><\/p>\t\t\t\t\t\t\t\t<\/div>\n\t\t\t\t<\/div>\n\t\t\t\t\t<\/div>\n\t\t\t\t<\/div>\n\t\t<div class=\"elementor-element elementor-element-835ee32 e-flex e-con-boxed e-con e-child\" data-id=\"835ee32\" data-element_type=\"container\" data-e-type=\"container\" data-settings=\"{&quot;jet_parallax_layout_list&quot;:[],&quot;_ha_eqh_enable&quot;:false}\">\n\t\t\t\t\t<div class=\"e-con-inner\">\n\t\t\t\t<div class=\"elementor-element elementor-element-a65d826 elementor-widget elementor-widget-image\" data-id=\"a65d826\" data-element_type=\"widget\" data-e-type=\"widget\" data-widget_type=\"image.default\">\n\t\t\t\t<div class=\"elementor-widget-container\">\n\t\t\t\t\t\t\t\t\t\t\t\t\t\t\t<img decoding=\"async\" width=\"200\" height=\"60\" src=\"https:\/\/markisemallorca.com\/wp-content\/uploads\/2023\/04\/markise-mallorca-bolas-1.png\" class=\"attachment-large size-large wp-image-297\" alt=\"\" \/>\t\t\t\t\t\t\t\t\t\t\t\t\t\t\t<\/div>\n\t\t\t\t<\/div>\n\t\t\t\t<div class=\"elementor-element elementor-element-e2dc658 elementor-widget elementor-widget-heading\" data-id=\"e2dc658\" data-element_type=\"widget\" data-e-type=\"widget\" data-widget_type=\"heading.default\">\n\t\t\t\t<div class=\"elementor-widget-container\">\n\t\t\t\t\t<h3 class=\"elementor-heading-title elementor-size-default\">CONTROL REMOTO\n\n<\/h3>\t\t\t\t<\/div>\n\t\t\t\t<\/div>\n\t\t\t\t<div class=\"elementor-element elementor-element-e8349b5 elementor-widget elementor-widget-text-editor\" data-id=\"e8349b5\" data-element_type=\"widget\" data-e-type=\"widget\" data-widget_type=\"text-editor.default\">\n\t\t\t\t<div class=\"elementor-widget-container\">\n\t\t\t\t\t\t\t\t\t<p><span style=\"font-weight: 400;\">La p\u00e9rgola Compact de Markilux se ha dise\u00f1ado para garantizar la m\u00e1xima comodidad en cualquier circunstancia por ello dispone de accionamiento motorizado. Este sistema se puede controlar con mando, por sistema de dom\u00f3tica KNX o mediante el sistema Smart Home de Somfy, que le permitir\u00e1 abrir y cerrar su p\u00e9rgola Compact Markilux desde cualquier lugar o incluso pa\u00eds.\u00a0<\/span><\/p>\t\t\t\t\t\t\t\t<\/div>\n\t\t\t\t<\/div>\n\t\t\t\t\t<\/div>\n\t\t\t\t<\/div>\n\t\t\t\t\t<\/div>\n\t\t\t\t<\/div>\n\t\t<div class=\"elementor-element elementor-element-2cf6235 e-flex e-con-boxed e-con e-parent\" data-id=\"2cf6235\" data-element_type=\"container\" data-e-type=\"container\" data-settings=\"{&quot;jet_parallax_layout_list&quot;:[],&quot;_ha_eqh_enable&quot;:false}\">\n\t\t\t\t\t<div class=\"e-con-inner\">\n\t\t\t\t<div class=\"elementor-element elementor-element-6f809cd elementor-widget elementor-widget-text-editor\" data-id=\"6f809cd\" data-element_type=\"widget\" data-e-type=\"widget\" data-widget_type=\"text-editor.default\">\n\t\t\t\t<div class=\"elementor-widget-container\">\n\t\t\t\t\t\t\t\t\t<p><span style=\"font-weight: 400;\">El modelo Markilux P\u00e9rgola Compact tambi\u00e9n tiene una gran variedad de opciones que la hacen \u00fanica y exclusiva:<\/span><\/p>\t\t\t\t\t\t\t\t<\/div>\n\t\t\t\t<\/div>\n\t\t\t\t\t<\/div>\n\t\t\t\t<\/div>\n\t\t<div class=\"elementor-element elementor-element-92b5432 e-flex e-con-boxed e-con e-parent\" data-id=\"92b5432\" data-element_type=\"container\" data-e-type=\"container\" data-settings=\"{&quot;jet_parallax_layout_list&quot;:[],&quot;background_background&quot;:&quot;classic&quot;,&quot;_ha_eqh_enable&quot;:false}\">\n\t\t\t\t\t<div class=\"e-con-inner\">\n\t\t<div class=\"elementor-element elementor-element-e129aa3 e-flex e-con-boxed e-con e-child\" data-id=\"e129aa3\" data-element_type=\"container\" data-e-type=\"container\" data-settings=\"{&quot;jet_parallax_layout_list&quot;:[],&quot;_ha_eqh_enable&quot;:false}\">\n\t\t\t\t\t<div class=\"e-con-inner\">\n\t\t\t\t<div class=\"elementor-element elementor-element-e844d73 elementor-widget elementor-widget-heading\" data-id=\"e844d73\" data-element_type=\"widget\" data-e-type=\"widget\" data-widget_type=\"heading.default\">\n\t\t\t\t<div class=\"elementor-widget-container\">\n\t\t\t\t\t<h4 class=\"elementor-heading-title elementor-size-default\"> Toldo vertical enrollable\n<\/h4>\t\t\t\t<\/div>\n\t\t\t\t<\/div>\n\t\t\t\t<div class=\"elementor-element elementor-element-cc38c18 elementor-widget elementor-widget-image\" data-id=\"cc38c18\" data-element_type=\"widget\" data-e-type=\"widget\" data-widget_type=\"image.default\">\n\t\t\t\t<div class=\"elementor-widget-container\">\n\t\t\t\t\t\t\t\t\t\t\t\t\t\t\t<img decoding=\"async\" width=\"200\" height=\"60\" src=\"https:\/\/markisemallorca.com\/wp-content\/uploads\/2023\/04\/markise-mallorca-bolas-1.png\" class=\"attachment-large size-large wp-image-297\" alt=\"\" \/>\t\t\t\t\t\t\t\t\t\t\t\t\t\t\t<\/div>\n\t\t\t\t<\/div>\n\t\t\t\t<div class=\"elementor-element elementor-element-8c7f8f5 elementor-widget elementor-widget-text-editor\" data-id=\"8c7f8f5\" data-element_type=\"widget\" data-e-type=\"widget\" data-widget_type=\"text-editor.default\">\n\t\t\t\t<div class=\"elementor-widget-container\">\n\t\t\t\t\t\t\t\t\t<p><span style=\"font-weight: 400;\">La p\u00e9rgola Markilux Compact ofrece privacidad visual y protecci\u00f3n solar regulable en altura con su toldo vertical <\/span><i><span style=\"font-weight: 400;\">Super Sombra<\/span><\/i><span style=\"font-weight: 400;\">, un exclusivo enrollable motorizado. Disfrute de su espacio al aire libre con mayor comodidad gracias a la versatilidad de esta p\u00e9rgola.<\/span><\/p>\t\t\t\t\t\t\t\t<\/div>\n\t\t\t\t<\/div>\n\t\t\t\t\t<\/div>\n\t\t\t\t<\/div>\n\t\t<div class=\"elementor-element elementor-element-6cf05a5 e-flex e-con-boxed e-con e-child\" data-id=\"6cf05a5\" data-element_type=\"container\" data-e-type=\"container\" data-settings=\"{&quot;jet_parallax_layout_list&quot;:[],&quot;_ha_eqh_enable&quot;:false}\">\n\t\t\t\t\t<div class=\"e-con-inner\">\n\t\t\t\t<div class=\"elementor-element elementor-element-ee9f841 elementor-widget elementor-widget-heading\" data-id=\"ee9f841\" data-element_type=\"widget\" data-e-type=\"widget\" data-widget_type=\"heading.default\">\n\t\t\t\t<div class=\"elementor-widget-container\">\n\t\t\t\t\t<h4 class=\"elementor-heading-title elementor-size-default\"> Iluminaci\u00f3n personalizable\n<\/h4>\t\t\t\t<\/div>\n\t\t\t\t<\/div>\n\t\t\t\t<div class=\"elementor-element elementor-element-a695e84 elementor-widget elementor-widget-image\" data-id=\"a695e84\" data-element_type=\"widget\" data-e-type=\"widget\" data-widget_type=\"image.default\">\n\t\t\t\t<div class=\"elementor-widget-container\">\n\t\t\t\t\t\t\t\t\t\t\t\t\t\t\t<img decoding=\"async\" width=\"200\" height=\"60\" src=\"https:\/\/markisemallorca.com\/wp-content\/uploads\/2023\/04\/markise-mallorca-bolas-1.png\" class=\"attachment-large size-large wp-image-297\" alt=\"\" \/>\t\t\t\t\t\t\t\t\t\t\t\t\t\t\t<\/div>\n\t\t\t\t<\/div>\n\t\t\t\t<div class=\"elementor-element elementor-element-fe383d6 elementor-widget elementor-widget-text-editor\" data-id=\"fe383d6\" data-element_type=\"widget\" data-e-type=\"widget\" data-widget_type=\"text-editor.default\">\n\t\t\t\t<div class=\"elementor-widget-container\">\n\t\t\t\t\t\t\t\t\t<p><span style=\"font-weight: 400;\">Con varias opciones de iluminaci\u00f3n, esta p\u00e9rgola Compact permite crear diferentes ambientes en funci\u00f3n de la ocasi\u00f3n. Ya sea con focos integrados en la barra central o tiras LED en las gu\u00edas y barra central, la intensidad de la luz es regulable para lograr una atm\u00f3sfera perfecta.<\/span><\/p>\t\t\t\t\t\t\t\t<\/div>\n\t\t\t\t<\/div>\n\t\t\t\t\t<\/div>\n\t\t\t\t<\/div>\n\t\t\t\t\t<\/div>\n\t\t\t\t<\/div>\n\t\t<div class=\"elementor-element elementor-element-8675778 e-flex e-con-boxed e-con e-parent\" data-id=\"8675778\" data-element_type=\"container\" data-e-type=\"container\" data-settings=\"{&quot;jet_parallax_layout_list&quot;:[],&quot;background_background&quot;:&quot;classic&quot;,&quot;_ha_eqh_enable&quot;:false}\">\n\t\t\t\t\t<div class=\"e-con-inner\">\n\t\t<div class=\"elementor-element elementor-element-15ce385 e-flex e-con-boxed e-con e-child\" data-id=\"15ce385\" data-element_type=\"container\" data-e-type=\"container\" data-settings=\"{&quot;jet_parallax_layout_list&quot;:[],&quot;_ha_eqh_enable&quot;:false}\">\n\t\t\t\t\t<div class=\"e-con-inner\">\n\t\t\t\t<div class=\"elementor-element elementor-element-7d79fbd elementor-widget elementor-widget-heading\" data-id=\"7d79fbd\" data-element_type=\"widget\" data-e-type=\"widget\" data-widget_type=\"heading.default\">\n\t\t\t\t<div class=\"elementor-widget-container\">\n\t\t\t\t\t<h4 class=\"elementor-heading-title elementor-size-default\">Pilares regulables telesc\u00f3picos<\/h4>\t\t\t\t<\/div>\n\t\t\t\t<\/div>\n\t\t\t\t<div class=\"elementor-element elementor-element-971fb9f elementor-widget elementor-widget-image\" data-id=\"971fb9f\" data-element_type=\"widget\" data-e-type=\"widget\" data-widget_type=\"image.default\">\n\t\t\t\t<div class=\"elementor-widget-container\">\n\t\t\t\t\t\t\t\t\t\t\t\t\t\t\t<img decoding=\"async\" width=\"200\" height=\"60\" src=\"https:\/\/markisemallorca.com\/wp-content\/uploads\/2023\/04\/markise-mallorca-bolas-1.png\" class=\"attachment-large size-large wp-image-297\" alt=\"\" \/>\t\t\t\t\t\t\t\t\t\t\t\t\t\t\t<\/div>\n\t\t\t\t<\/div>\n\t\t\t\t<div class=\"elementor-element elementor-element-99c4fee elementor-widget elementor-widget-text-editor\" data-id=\"99c4fee\" data-element_type=\"widget\" data-e-type=\"widget\" data-widget_type=\"text-editor.default\">\n\t\t\t\t<div class=\"elementor-widget-container\">\n\t\t\t\t\t\t\t\t\t<p><span style=\"font-weight: 400;\">La p\u00e9rgola Markilux Compact cuenta con un sistema de pilares regulables telesc\u00f3picos en altura. Un mecanismo indicado para facilitar la evacuaci\u00f3n del agua de la lluvia, lo que permite una instalaci\u00f3n en espacios con altura limitada. Se regulan con una manivela de acero inoxidable de alta calidad.<\/span><\/p>\t\t\t\t\t\t\t\t<\/div>\n\t\t\t\t<\/div>\n\t\t\t\t\t<\/div>\n\t\t\t\t<\/div>\n\t\t<div class=\"elementor-element elementor-element-4655cc9 e-flex e-con-boxed e-con e-child\" data-id=\"4655cc9\" data-element_type=\"container\" data-e-type=\"container\" data-settings=\"{&quot;jet_parallax_layout_list&quot;:[],&quot;_ha_eqh_enable&quot;:false}\">\n\t\t\t\t\t<div class=\"e-con-inner\">\n\t\t\t\t<div class=\"elementor-element elementor-element-a59e0af elementor-widget elementor-widget-heading\" data-id=\"a59e0af\" data-element_type=\"widget\" data-e-type=\"widget\" data-widget_type=\"heading.default\">\n\t\t\t\t<div class=\"elementor-widget-container\">\n\t\t\t\t\t<h4 class=\"elementor-heading-title elementor-size-default\">Cajones de refuerzo\n\n<\/h4>\t\t\t\t<\/div>\n\t\t\t\t<\/div>\n\t\t\t\t<div class=\"elementor-element elementor-element-637bc70 elementor-widget elementor-widget-image\" data-id=\"637bc70\" data-element_type=\"widget\" data-e-type=\"widget\" data-widget_type=\"image.default\">\n\t\t\t\t<div class=\"elementor-widget-container\">\n\t\t\t\t\t\t\t\t\t\t\t\t\t\t\t<img decoding=\"async\" width=\"200\" height=\"60\" src=\"https:\/\/markisemallorca.com\/wp-content\/uploads\/2023\/04\/markise-mallorca-bolas-1.png\" class=\"attachment-large size-large wp-image-297\" alt=\"\" \/>\t\t\t\t\t\t\t\t\t\t\t\t\t\t\t<\/div>\n\t\t\t\t<\/div>\n\t\t\t\t<div class=\"elementor-element elementor-element-ee67165 elementor-widget elementor-widget-text-editor\" data-id=\"ee67165\" data-element_type=\"widget\" data-e-type=\"widget\" data-widget_type=\"text-editor.default\">\n\t\t\t\t<div class=\"elementor-widget-container\">\n\t\t\t\t\t\t\t\t\t<p><span style=\"font-weight: 400;\">Si no se puede fijar la p\u00e9rgola al suelo, Markilux ofrece unos cajones exclusivos con contrapeso para garantizar la estabilidad necesaria. Los t\u00e9cnicos especialistas de Markilux en Markisen Mallorca calcular\u00e1n la carga id\u00f3nea para la instalaci\u00f3n de la p\u00e9rgola Compact en su terraza o balc\u00f3n.<\/span><\/p>\t\t\t\t\t\t\t\t<\/div>\n\t\t\t\t<\/div>\n\t\t\t\t\t<\/div>\n\t\t\t\t<\/div>\n\t\t\t\t\t<\/div>\n\t\t\t\t<\/div>\n\t\t<div class=\"elementor-element elementor-element-ba94579 e-flex e-con-boxed e-con e-parent\" data-id=\"ba94579\" data-element_type=\"container\" data-e-type=\"container\" data-settings=\"{&quot;jet_parallax_layout_list&quot;:[],&quot;background_background&quot;:&quot;classic&quot;,&quot;_ha_eqh_enable&quot;:false}\">\n\t\t\t\t\t<div class=\"e-con-inner\">\n\t\t<div class=\"elementor-element elementor-element-17887e6 e-flex e-con-boxed e-con e-child\" data-id=\"17887e6\" data-element_type=\"container\" data-e-type=\"container\" data-settings=\"{&quot;jet_parallax_layout_list&quot;:[],&quot;_ha_eqh_enable&quot;:false}\">\n\t\t\t\t\t<div class=\"e-con-inner\">\n\t\t\t\t<div class=\"elementor-element elementor-element-d5b96cf elementor-widget elementor-widget-heading\" data-id=\"d5b96cf\" data-element_type=\"widget\" data-e-type=\"widget\" data-widget_type=\"heading.default\">\n\t\t\t\t<div class=\"elementor-widget-container\">\n\t\t\t\t\t<h4 class=\"elementor-heading-title elementor-size-default\"> Calefacci\u00f3n integrada\n<\/h4>\t\t\t\t<\/div>\n\t\t\t\t<\/div>\n\t\t\t\t<div class=\"elementor-element elementor-element-98d95cb elementor-widget elementor-widget-image\" data-id=\"98d95cb\" data-element_type=\"widget\" data-e-type=\"widget\" data-widget_type=\"image.default\">\n\t\t\t\t<div class=\"elementor-widget-container\">\n\t\t\t\t\t\t\t\t\t\t\t\t\t\t\t<img decoding=\"async\" width=\"200\" height=\"60\" src=\"https:\/\/markisemallorca.com\/wp-content\/uploads\/2023\/04\/markise-mallorca-bolas-1.png\" class=\"attachment-large size-large wp-image-297\" alt=\"\" \/>\t\t\t\t\t\t\t\t\t\t\t\t\t\t\t<\/div>\n\t\t\t\t<\/div>\n\t\t\t\t<div class=\"elementor-element elementor-element-f9ed356 elementor-widget elementor-widget-text-editor\" data-id=\"f9ed356\" data-element_type=\"widget\" data-e-type=\"widget\" data-widget_type=\"text-editor.default\">\n\t\t\t\t<div class=\"elementor-widget-container\">\n\t\t\t\t\t\t\t\t\t<p><span style=\"font-weight: 400;\">El modelo Markilux P\u00e9rgola Compact presenta la posibilidad de incorporar el sistema de calefacci\u00f3n por infrarrojos de Markilux. De este modo podr\u00e1 disfrutar de su balc\u00f3n o terraza con toldo p\u00e9rgola durante el invierno y el verano en Mallorca.\u00a0<\/span><\/p>\t\t\t\t\t\t\t\t<\/div>\n\t\t\t\t<\/div>\n\t\t\t\t\t<\/div>\n\t\t\t\t<\/div>\n\t\t<div class=\"elementor-element elementor-element-c3476d4 e-flex e-con-boxed e-con e-child\" data-id=\"c3476d4\" data-element_type=\"container\" data-e-type=\"container\" data-settings=\"{&quot;jet_parallax_layout_list&quot;:[],&quot;_ha_eqh_enable&quot;:false}\">\n\t\t\t\t\t<div class=\"e-con-inner\">\n\t\t\t\t\t<\/div>\n\t\t\t\t<\/div>\n\t\t\t\t\t<\/div>\n\t\t\t\t<\/div>\n\t\t<div class=\"elementor-element elementor-element-ee35d14 e-flex e-con-boxed e-con e-parent\" data-id=\"ee35d14\" data-element_type=\"container\" data-e-type=\"container\" data-settings=\"{&quot;jet_parallax_layout_list&quot;:[],&quot;background_background&quot;:&quot;classic&quot;,&quot;_ha_eqh_enable&quot;:false}\">\n\t\t\t\t\t<div class=\"e-con-inner\">\n\t\t<div class=\"elementor-element elementor-element-e147770 e-flex e-con-boxed e-con e-child\" data-id=\"e147770\" data-element_type=\"container\" data-e-type=\"container\" data-settings=\"{&quot;jet_parallax_layout_list&quot;:[],&quot;_ha_eqh_enable&quot;:false}\">\n\t\t\t\t\t<div class=\"e-con-inner\">\n\t\t\t\t<div class=\"elementor-element elementor-element-ead6340 elementor-widget elementor-widget-heading\" data-id=\"ead6340\" data-element_type=\"widget\" data-e-type=\"widget\" data-widget_type=\"heading.default\">\n\t\t\t\t<div class=\"elementor-widget-container\">\n\t\t\t\t\t<h4 class=\"elementor-heading-title elementor-size-default\">Tienda de p\u00e9rgolas en mallorca\n<\/h4>\t\t\t\t<\/div>\n\t\t\t\t<\/div>\n\t\t\t\t<div class=\"elementor-element elementor-element-48bff28 elementor-widget elementor-widget-text-editor\" data-id=\"48bff28\" data-element_type=\"widget\" data-e-type=\"widget\" data-widget_type=\"text-editor.default\">\n\t\t\t\t<div class=\"elementor-widget-container\">\n\t\t\t\t\t\t\t\t\t<p><span style=\"font-weight: 400;\">No pierda la oportunidad de tener en su balc\u00f3n o terraza un modelo Markilux P\u00e9rgola Compact. Presuma de la m\u00e1s alta calidad y dise\u00f1o alem\u00e1n en sus espacios exteriores y d\u00e9 una nueva vida a su vivienda. En Markisen Mallorca le invitamos a solicitar una cita a domicilio con nuestros especialistas para que puedan evaluar in situ sus necesidades y ofrecerle la mejor atenci\u00f3n personalizada.<\/span><\/p>\t\t\t\t\t\t\t\t<\/div>\n\t\t\t\t<\/div>\n\t\t\t\t\t<\/div>\n\t\t\t\t<\/div>\n\t\t<div class=\"elementor-element elementor-element-74dc5fb e-flex e-con-boxed e-con e-child\" data-id=\"74dc5fb\" data-element_type=\"container\" data-e-type=\"container\" data-settings=\"{&quot;jet_parallax_layout_list&quot;:[],&quot;_ha_eqh_enable&quot;:false}\">\n\t\t\t\t\t<div class=\"e-con-inner\">\n\t\t\t\t<div class=\"elementor-element elementor-element-a3e2633 elementor-widget elementor-widget-shortcode\" data-id=\"a3e2633\" data-element_type=\"widget\" data-e-type=\"widget\" data-widget_type=\"shortcode.default\">\n\t\t\t\t<div class=\"elementor-widget-container\">\n\t\t\t\t\t\t\t<div class=\"elementor-shortcode\">\t\t<div data-elementor-type=\"container\" data-elementor-id=\"1181\" class=\"elementor elementor-1181\" data-elementor-settings=\"{&quot;ha_cmc_init_switcher&quot;:&quot;no&quot;}\" data-elementor-post-type=\"elementor_library\">\n\t\t\t\t<div class=\"elementor-element elementor-element-761df9d e-flex e-con-boxed e-con e-parent\" data-id=\"761df9d\" data-element_type=\"container\" data-e-type=\"container\" data-settings=\"{&quot;jet_parallax_layout_list&quot;:[],&quot;background_background&quot;:&quot;classic&quot;,&quot;_ha_eqh_enable&quot;:false}\">\n\t\t\t\t\t<div class=\"e-con-inner\">\n\t\t\t\t<div class=\"elementor-element elementor-element-8577829 elementor-widget elementor-widget-heading\" data-id=\"8577829\" data-element_type=\"widget\" data-e-type=\"widget\" data-widget_type=\"heading.default\">\n\t\t\t\t<div class=\"elementor-widget-container\">\n\t\t\t\t\t<h3 class=\"elementor-heading-title elementor-size-default\">\u00bfQUIERES UN PRESUPUESTO?<\/h3>\t\t\t\t<\/div>\n\t\t\t\t<\/div>\n\t\t\t\t<div class=\"elementor-element elementor-element-adb6eeb elementor-widget elementor-widget-heading\" data-id=\"adb6eeb\" data-element_type=\"widget\" data-e-type=\"widget\" data-widget_type=\"heading.default\">\n\t\t\t\t<div class=\"elementor-widget-container\">\n\t\t\t\t\t<h3 class=\"elementor-heading-title elementor-size-default\">Cu\u00e9ntanos qu\u00e9 necesitas y te haremos una propuesta <\/h3>\t\t\t\t<\/div>\n\t\t\t\t<\/div>\n\t\t\t\t<div class=\"elementor-element elementor-element-6c62e28 elementor-align-center elementor-widget elementor-widget-button\" data-id=\"6c62e28\" data-element_type=\"widget\" data-e-type=\"widget\" data-widget_type=\"button.default\">\n\t\t\t\t<div class=\"elementor-widget-container\">\n\t\t\t\t\t\t\t\t\t<div class=\"elementor-button-wrapper\">\n\t\t\t\t\t<a class=\"elementor-button elementor-button-link elementor-size-sm\" href=\"https:\/\/markisemallorca.com\/es\/contacto\/\">\n\t\t\t\t\t\t<span class=\"elementor-button-content-wrapper\">\n\t\t\t\t\t\t\t\t\t<span class=\"elementor-button-text\">Solicita una visita gratuita<\/span>\n\t\t\t\t\t<\/span>\n\t\t\t\t\t<\/a>\n\t\t\t\t<\/div>\n\t\t\t\t\t\t\t\t<\/div>\n\t\t\t\t<\/div>\n\t\t\t\t\t<\/div>\n\t\t\t\t<\/div>\n\t\t\t\t<\/div>\n\t\t<\/div>\n\t\t\t\t\t\t<\/div>\n\t\t\t\t<\/div>\n\t\t\t\t\t<\/div>\n\t\t\t\t<\/div>\n\t\t\t\t\t<\/div>\n\t\t\t\t<\/div>\n\t\t<div class=\"elementor-element elementor-element-b6885e8 e-flex e-con-boxed e-con e-parent\" data-id=\"b6885e8\" data-element_type=\"container\" data-e-type=\"container\" data-settings=\"{&quot;jet_parallax_layout_list&quot;:[],&quot;background_background&quot;:&quot;classic&quot;,&quot;_ha_eqh_enable&quot;:false}\">\n\t\t\t\t\t<div class=\"e-con-inner\">\n\t\t\t\t<div class=\"elementor-element elementor-element-eebd381 elementor-widget elementor-widget-image\" data-id=\"eebd381\" data-element_type=\"widget\" data-e-type=\"widget\" data-widget_type=\"image.default\">\n\t\t\t\t<div class=\"elementor-widget-container\">\n\t\t\t\t\t\t\t\t\t\t\t\t\t\t\t<img decoding=\"async\" width=\"200\" height=\"60\" src=\"https:\/\/markisemallorca.com\/wp-content\/uploads\/2023\/04\/markise-mallorca-bolas-1.png\" class=\"attachment-large size-large wp-image-297\" alt=\"\" \/>\t\t\t\t\t\t\t\t\t\t\t\t\t\t\t<\/div>\n\t\t\t\t<\/div>\n\t\t\t\t<div class=\"elementor-element elementor-element-246fd2f elementor-widget elementor-widget-heading\" data-id=\"246fd2f\" data-element_type=\"widget\" data-e-type=\"widget\" data-widget_type=\"heading.default\">\n\t\t\t\t<div class=\"elementor-widget-container\">\n\t\t\t\t\t<div class=\"elementor-heading-title elementor-size-default\">Otros modelos de toldos que te puedan interesar\n<\/div>\t\t\t\t<\/div>\n\t\t\t\t<\/div>\n\t\t\t\t\t<\/div>\n\t\t\t\t<\/div>\n\t\t<div class=\"elementor-element elementor-element-aee2daf e-con-full e-flex e-con e-parent\" data-id=\"aee2daf\" data-element_type=\"container\" data-e-type=\"container\" data-settings=\"{&quot;jet_parallax_layout_list&quot;:[],&quot;_ha_eqh_enable&quot;:false}\">\n\t\t\t\t<div class=\"elementor-element elementor-element-72e508c elementor-widget elementor-widget-shortcode\" data-id=\"72e508c\" data-element_type=\"widget\" data-e-type=\"widget\" data-widget_type=\"shortcode.default\">\n\t\t\t\t<div class=\"elementor-widget-container\">\n\t\t\t\t\t\t\t<div class=\"elementor-shortcode\">\t\t<div data-elementor-type=\"container\" data-elementor-id=\"1152\" class=\"elementor elementor-1152\" data-elementor-settings=\"{&quot;ha_cmc_init_switcher&quot;:&quot;no&quot;}\" data-elementor-post-type=\"elementor_library\">\n\t\t\t\t<div class=\"elementor-element elementor-element-4dbb2b7 e-con-full e-flex e-con e-parent\" data-id=\"4dbb2b7\" data-element_type=\"container\" data-e-type=\"container\" data-settings=\"{&quot;jet_parallax_layout_list&quot;:[],&quot;_ha_eqh_enable&quot;:false}\">\n\t\t<div class=\"elementor-element elementor-element-7757d33 e-flex e-con-boxed e-con e-child\" data-id=\"7757d33\" data-element_type=\"container\" data-e-type=\"container\" data-settings=\"{&quot;jet_parallax_layout_list&quot;:[],&quot;background_background&quot;:&quot;classic&quot;,&quot;_ha_eqh_enable&quot;:false}\">\n\t\t\t\t\t<div class=\"e-con-inner\">\n\t\t\t\t<div class=\"elementor-element elementor-element-20b8743 elementor-widget elementor-widget-heading\" data-id=\"20b8743\" data-element_type=\"widget\" data-e-type=\"widget\" data-widget_type=\"heading.default\">\n\t\t\t\t<div class=\"elementor-widget-container\">\n\t\t\t\t\t<h3 class=\"elementor-heading-title elementor-size-default\">\u00bfQUIERES QUE TE VISITEMOS?<\/h3>\t\t\t\t<\/div>\n\t\t\t\t<\/div>\n\t\t\t\t<div class=\"elementor-element elementor-element-5d73b81 elementor-widget elementor-widget-heading\" data-id=\"5d73b81\" data-element_type=\"widget\" data-e-type=\"widget\" data-widget_type=\"heading.default\">\n\t\t\t\t<div class=\"elementor-widget-container\">\n\t\t\t\t\t<h3 class=\"elementor-heading-title elementor-size-default\">TE ASESORAMOS GRATUITAMENTE<\/h3>\t\t\t\t<\/div>\n\t\t\t\t<\/div>\n\t\t\t\t<div class=\"elementor-element elementor-element-0ba2d4e elementor-widget elementor-widget-heading\" data-id=\"0ba2d4e\" data-element_type=\"widget\" data-e-type=\"widget\" data-widget_type=\"heading.default\">\n\t\t\t\t<div class=\"elementor-widget-container\">\n\t\t\t\t\t<h3 class=\"elementor-heading-title elementor-size-default\">Nuestros expertos en protecci\u00f3n solar te realizar\u00e1n un estudio personalizado <\/h3>\t\t\t\t<\/div>\n\t\t\t\t<\/div>\n\t\t\t\t<div class=\"elementor-element elementor-element-c9572b3 elementor-align-center elementor-widget elementor-widget-button\" data-id=\"c9572b3\" data-element_type=\"widget\" data-e-type=\"widget\" data-widget_type=\"button.default\">\n\t\t\t\t<div class=\"elementor-widget-container\">\n\t\t\t\t\t\t\t\t\t<div class=\"elementor-button-wrapper\">\n\t\t\t\t\t<a class=\"elementor-button elementor-button-link elementor-size-sm\" href=\"https:\/\/markisemallorca.com\/es\/contacto\/\">\n\t\t\t\t\t\t<span class=\"elementor-button-content-wrapper\">\n\t\t\t\t\t\t\t\t\t<span class=\"elementor-button-text\">Solicita una visita gratuita<\/span>\n\t\t\t\t\t<\/span>\n\t\t\t\t\t<\/a>\n\t\t\t\t<\/div>\n\t\t\t\t\t\t\t\t<\/div>\n\t\t\t\t<\/div>\n\t\t\t\t\t<\/div>\n\t\t\t\t<\/div>\n\t\t<div class=\"elementor-element elementor-element-1d8097b e-flex e-con-boxed e-con e-child\" data-id=\"1d8097b\" data-element_type=\"container\" data-e-type=\"container\" data-settings=\"{&quot;jet_parallax_layout_list&quot;:[],&quot;background_background&quot;:&quot;classic&quot;,&quot;_ha_eqh_enable&quot;:false}\">\n\t\t\t\t\t<div class=\"e-con-inner\">\n\t\t\t\t<div class=\"elementor-element elementor-element-b0bd5ac elementor-widget elementor-widget-heading\" data-id=\"b0bd5ac\" data-element_type=\"widget\" data-e-type=\"widget\" data-widget_type=\"heading.default\">\n\t\t\t\t<div class=\"elementor-widget-container\">\n\t\t\t\t\t<h3 class=\"elementor-heading-title elementor-size-default\">\u00bfQUIERES VENIR A NUESTRO SHOWROOM?<\/h3>\t\t\t\t<\/div>\n\t\t\t\t<\/div>\n\t\t\t\t<div class=\"elementor-element elementor-element-f86284a elementor-widget elementor-widget-heading\" data-id=\"f86284a\" data-element_type=\"widget\" data-e-type=\"widget\" data-widget_type=\"heading.default\">\n\t\t\t\t<div class=\"elementor-widget-container\">\n\t\t\t\t\t<h3 class=\"elementor-heading-title elementor-size-default\">ENCANTADOS DE RECIBIRTE<\/h3>\t\t\t\t<\/div>\n\t\t\t\t<\/div>\n\t\t\t\t<div class=\"elementor-element elementor-element-cf8d350 elementor-widget elementor-widget-heading\" data-id=\"cf8d350\" data-element_type=\"widget\" data-e-type=\"widget\" data-widget_type=\"heading.default\">\n\t\t\t\t<div class=\"elementor-widget-container\">\n\t\t\t\t\t<h3 class=\"elementor-heading-title elementor-size-default\">Ven a la mayor exposici\u00f3n de toldos en Mallorca<\/h3>\t\t\t\t<\/div>\n\t\t\t\t<\/div>\n\t\t\t\t<div class=\"elementor-element elementor-element-7b0cc49 elementor-align-center elementor-widget elementor-widget-button\" data-id=\"7b0cc49\" data-element_type=\"widget\" data-e-type=\"widget\" data-widget_type=\"button.default\">\n\t\t\t\t<div class=\"elementor-widget-container\">\n\t\t\t\t\t\t\t\t\t<div class=\"elementor-button-wrapper\">\n\t\t\t\t\t<a class=\"elementor-button elementor-button-link elementor-size-sm\" href=\"https:\/\/markisemallorca.com\/es\/showroom\/\/\">\n\t\t\t\t\t\t<span class=\"elementor-button-content-wrapper\">\n\t\t\t\t\t\t\t\t\t<span class=\"elementor-button-text\">IR AL SHOWROOM<\/span>\n\t\t\t\t\t<\/span>\n\t\t\t\t\t<\/a>\n\t\t\t\t<\/div>\n\t\t\t\t\t\t\t\t<\/div>\n\t\t\t\t<\/div>\n\t\t\t\t\t<\/div>\n\t\t\t\t<\/div>\n\t\t<div class=\"elementor-element elementor-element-d575e0c e-flex e-con-boxed e-con e-child\" data-id=\"d575e0c\" data-element_type=\"container\" data-e-type=\"container\" data-settings=\"{&quot;jet_parallax_layout_list&quot;:[],&quot;background_background&quot;:&quot;classic&quot;,&quot;_ha_eqh_enable&quot;:false}\">\n\t\t\t\t\t<div class=\"e-con-inner\">\n\t\t\t\t<div class=\"elementor-element elementor-element-8b4afe4 elementor-widget elementor-widget-heading\" data-id=\"8b4afe4\" data-element_type=\"widget\" data-e-type=\"widget\" data-widget_type=\"heading.default\">\n\t\t\t\t<div class=\"elementor-widget-container\">\n\t\t\t\t\t<h3 class=\"elementor-heading-title elementor-size-default\">\u00bfQUIERES UN PRESUPUESTO?<\/h3>\t\t\t\t<\/div>\n\t\t\t\t<\/div>\n\t\t\t\t<div class=\"elementor-element elementor-element-f1dec55 elementor-widget elementor-widget-heading\" data-id=\"f1dec55\" data-element_type=\"widget\" data-e-type=\"widget\" data-widget_type=\"heading.default\">\n\t\t\t\t<div class=\"elementor-widget-container\">\n\t\t\t\t\t<h3 class=\"elementor-heading-title elementor-size-default\">PRESUPUESTO GRATUITO<\/h3>\t\t\t\t<\/div>\n\t\t\t\t<\/div>\n\t\t\t\t<div class=\"elementor-element elementor-element-9ddbbfc elementor-widget elementor-widget-heading\" data-id=\"9ddbbfc\" data-element_type=\"widget\" data-e-type=\"widget\" data-widget_type=\"heading.default\">\n\t\t\t\t<div class=\"elementor-widget-container\">\n\t\t\t\t\t<h3 class=\"elementor-heading-title elementor-size-default\">Configura aqu\u00ed tu toldo y te haremos una propuesta\n<\/h3>\t\t\t\t<\/div>\n\t\t\t\t<\/div>\n\t\t\t\t<div class=\"elementor-element elementor-element-f80bdb2 elementor-align-center elementor-widget elementor-widget-button\" data-id=\"f80bdb2\" data-element_type=\"widget\" data-e-type=\"widget\" data-widget_type=\"button.default\">\n\t\t\t\t<div class=\"elementor-widget-container\">\n\t\t\t\t\t\t\t\t\t<div class=\"elementor-button-wrapper\">\n\t\t\t\t\t<a class=\"elementor-button elementor-button-link elementor-size-sm\" href=\"https:\/\/markisemallorca.com\/es\/markilux-config\/\" target=\"_blank\">\n\t\t\t\t\t\t<span class=\"elementor-button-content-wrapper\">\n\t\t\t\t\t\t\t\t\t<span class=\"elementor-button-text\">CONFIGURAR TOLDO GRATU\u00cdTO<\/span>\n\t\t\t\t\t<\/span>\n\t\t\t\t\t<\/a>\n\t\t\t\t<\/div>\n\t\t\t\t\t\t\t\t<\/div>\n\t\t\t\t<\/div>\n\t\t\t\t\t<\/div>\n\t\t\t\t<\/div>\n\t\t\t\t<\/div>\n\t\t\t\t<\/div>\n\t\t<\/div>\n\t\t\t\t\t\t<\/div>\n\t\t\t\t<\/div>\n\t\t\t\t<\/div>\n\t\t\t\t<\/div>\n\t\t","protected":false},"excerpt":{"rendered":"<p>MARKILUX P\u00c9RGOLA COMPACT &#8211; PREMIO AL MEJOR DISE\u00d1O El modelo Markilux P\u00e9rgola Compact es la soluci\u00f3n ideal para balcones y peque\u00f1as terrazas de \u00e1ticos o pisos de lujo en Mallorca. Su dise\u00f1o moderno y l\u00edneas cuadradas la hacen perfecta para integrarse en la arquitectura de cualquier tipo de vivienda, incluso con espacios reducidos. Con un [&hellip;]<\/p>\n","protected":false},"featured_media":569,"comment_status":"open","ping_status":"closed","template":"","meta":[],"product_brand":[],"product_cat":[26],"product_tag":[],"class_list":{"0":"post-518","1":"product","2":"type-product","3":"status-publish","4":"has-post-thumbnail","6":"product_cat-pergola","8":"first","9":"instock","10":"shipping-taxable","11":"product-type-simple"},"_links":{"self":[{"href":"https:\/\/markisemallorca.com\/es\/wp-json\/wp\/v2\/product\/518","targetHints":{"allow":["GET"]}}],"collection":[{"href":"https:\/\/markisemallorca.com\/es\/wp-json\/wp\/v2\/product"}],"about":[{"href":"https:\/\/markisemallorca.com\/es\/wp-json\/wp\/v2\/types\/product"}],"replies":[{"embeddable":true,"href":"https:\/\/markisemallorca.com\/es\/wp-json\/wp\/v2\/comments?post=518"}],"version-history":[{"count":31,"href":"https:\/\/markisemallorca.com\/es\/wp-json\/wp\/v2\/product\/518\/revisions"}],"predecessor-version":[{"id":4499,"href":"https:\/\/markisemallorca.com\/es\/wp-json\/wp\/v2\/product\/518\/revisions\/4499"}],"wp:featuredmedia":[{"embeddable":true,"href":"https:\/\/markisemallorca.com\/es\/wp-json\/wp\/v2\/media\/569"}],"wp:attachment":[{"href":"https:\/\/markisemallorca.com\/es\/wp-json\/wp\/v2\/media?parent=518"}],"wp:term":[{"taxonomy":"product_brand","embeddable":true,"href":"https:\/\/markisemallorca.com\/es\/wp-json\/wp\/v2\/product_brand?post=518"},{"taxonomy":"product_cat","embeddable":true,"href":"https:\/\/markisemallorca.com\/es\/wp-json\/wp\/v2\/product_cat?post=518"},{"taxonomy":"product_tag","embeddable":true,"href":"https:\/\/markisemallorca.com\/es\/wp-json\/wp\/v2\/product_tag?post=518"}],"curies":[{"name":"wp","href":"https:\/\/api.w.org\/{rel}","templated":true}]}}